{"version":"1.0","provider_name":"Portte cafe","provider_url":"https:\/\/porttecafe.com\/blog","title":"Brasil y la deforestaci\u00f3n por el caf\u00e9 - Portte cafe","type":"rich","width":600,"height":338,"html":"<blockquote class=\"wp-embedded-content\" data-secret=\"zEugHkMgJR\"><a href=\"https:\/\/porttecafe.com\/blog\/brasil-y-la-deforestacion-por-el-cafe\/\">Brasil y la deforestaci\u00f3n por el caf\u00e9<\/a><\/blockquote><iframe sandbox=\"allow-scripts\" security=\"restricted\" src=\"https:\/\/porttecafe.com\/blog\/brasil-y-la-deforestacion-por-el-cafe\/embed\/#?secret=zEugHkMgJR\" width=\"600\" height=\"338\" title=\"\u00abBrasil y la deforestaci\u00f3n por el caf\u00e9\u00bb \u2014 Portte cafe\" data-secret=\"zEugHkMgJR\" frameborder=\"0\" marginwidth=\"0\" marginheight=\"0\" scrolling=\"no\" class=\"wp-embedded-content\"><\/iframe><script type=\"text\/javascript\">\n\/* <![CDATA[ *\/\n\/*! This file is auto-generated *\/\n!function(d,l){\"use strict\";l.querySelector&&d.addEventListener&&\"undefined\"!=typeof URL&&(d.wp=d.wp||{},d.wp.receiveEmbedMessage||(d.wp.receiveEmbedMessage=function(e){var t=e.data;if((t||t.secret||t.message||t.value)&&!\/[^a-zA-Z0-9]\/.test(t.secret)){for(var s,r,n,a=l.querySelectorAll('iframe[data-secret=\"'+t.secret+'\"]'),o=l.querySelectorAll('blockquote[data-secret=\"'+t.secret+'\"]'),c=new RegExp(\"^https?:$\",\"i\"),i=0;i<o.length;i++)o[i].style.display=\"none\";for(i=0;i<a.length;i++)s=a[i],e.source===s.contentWindow&&(s.removeAttribute(\"style\"),\"height\"===t.message?(1e3<(r=parseInt(t.value,10))?r=1e3:~~r<200&&(r=200),s.height=r):\"link\"===t.message&&(r=new URL(s.getAttribute(\"src\")),n=new URL(t.value),c.test(n.protocol))&&n.host===r.host&&l.activeElement===s&&(d.top.location.href=t.value))}},d.addEventListener(\"message\",d.wp.receiveEmbedMessage,!1),l.addEventListener(\"DOMContentLoaded\",function(){for(var e,t,s=l.querySelectorAll(\"iframe.wp-embedded-content\"),r=0;r<s.length;r++)(t=(e=s[r]).getAttribute(\"data-secret\"))||(t=Math.random().toString(36).substring(2,12),e.src+=\"#?secret=\"+t,e.setAttribute(\"data-secret\",t)),e.contentWindow.postMessage({message:\"ready\",secret:t},\"*\")},!1)))}(window,document);\n\/* ]]> *\/\n<\/script>\n","description":"Ahora que est\u00e1 tan de moda el tema de Brasil con esto del mundial, nosotros seguiremos hablando de c\u00f3mo se involucra este pa\u00eds con la historia del caf\u00e9. Un dato que es de resaltar en relaci\u00f3n al cultivo del caf\u00e9 &hellip; Continue reading &rarr;","thumbnail_url":"http:\/\/porttecafe.com\/blog\/wp-content\/uploads\/2014\/06\/tomandocafe-198x300.jpg"}